{"id":88,"date":"2017-01-21T11:39:50","date_gmt":"2017-01-21T11:39:50","guid":{"rendered":"http:\/\/neurologe-praxis.de\/?page_id=88"},"modified":"2024-03-05T10:23:39","modified_gmt":"2024-03-05T10:23:39","slug":"wir-ueber-uns","status":"publish","type":"page","link":"https:\/\/nerven-praxis.de\/website\/wir-ueber-uns\/","title":{"rendered":"Was Sie von uns erwarten k\u00f6nnen:"},"content":{"rendered":"<h3>Qualit\u00e4t und Seriosit\u00e4t<\/h3>\n<div style=\"text-align: left;\"><strong>Hohe medizinische Qualit\u00e4t hat f\u00fcr uns oberste Priorit\u00e4t.<br \/>\nUnser wichtigstes Ziel ist Ihre erstklassige und seri\u00f6se Behandlung<br \/>\nnach modernstem Wissensstand.<\/strong><\/div>\n<div style=\"text-align: left;\">Wir sehen uns dabei als kompetente Berater unserer Patienten auf gleicher Augenh\u00f6he.<br \/>\nWir m\u00f6chten, dass Sie nach gr\u00fcndlicher und verst\u00e4ndlicher Information selbstst\u00e4ndig Entscheidungen zu Ihrer Behandlung treffen k\u00f6nnen.<\/p>\n<h3>P\u00fcnktlichkeit und Sorgfalt<\/h3>\n<p>Gute Organisation ist ein Teil \u00e4rztlicher Kompetenz. Lange Wartezeiten trotz vereinbartem Termin sind nach unserer Meinung nicht vertretbar.<br \/>\n<strong>Wir halten uns deshalb&nbsp;p\u00fcnktlich an vereinbarte Termine&nbsp;und nehmen uns&nbsp;ausreichend Zeit&nbsp;f\u00fcr Sie.<\/strong><\/p>\n<p>Sorgfalt kostet jedoch Zeit und auch unsere Arbeitszeit ist begrenzt. Wartezeiten bis zu einem&nbsp;<a href=\"http:\/\/nerven-praxis.de\/website\/termine-vereinbaren\/\" target=\"_blank\" rel=\"noopener\">Termin in unserer Praxis<\/a>&nbsp;gibt es deshalb auch bei uns. Wir bieten in der Neurologie auch rascher verf\u00fcgbare \"Wartetermine\" an: Sie kommen morgens oder mittags und m\u00fcssen auf eine Zeitl\u00fccke warten (meist weniger als 1 Stunde).<\/p>\n<h3>Optimale Ausbildung und Ausstattung<\/h3>\n<p>Gr\u00f6\u00dften Wert legen wir auf die&nbsp;<b>hohe, fachliche Qualifikation<\/b>&nbsp;von \u00c4rzt(inn)en und Mitarbeiterinnen und eine&nbsp;<b>optimale medizinische Ausstattung<\/b>&nbsp;der Praxis.<\/p>\n<p><strong>Alle \u00c4rzte\/innen haben ihre Ausbildung vollst\u00e4ndig an gro\u00dfen M\u00fcnchner Kliniken absolviert<\/strong> und \u00fcber viele Jahre ein breites Spektrum an Krankheitsbildern gesehen.<\/p>\n<h3>Fachkompetenz und Erfahrung<\/h3>\n<p>Wir arbeiten weiter eng mit den Spezialambulanzen der Uni-Kliniken zusammen. \u00dcber eine kontinuierliche Fortbildung halten wir unseren Wissensstandard.<\/p>\n<p><strong>Dr. Schm\u00f6lz<\/strong> ist au\u00dferhalb der Praxis&nbsp;<b>auch als externe fach\u00e4rztliche Spezialistin (Konsiliar-\u00c4rztin)<\/b>&nbsp;f\u00fcr eine der modernsten, internistischen Kliniken M\u00fcnchens t\u00e4tig (<a href=\"http:\/\/www.augustinum-kliniken.de\/\" target=\"_blank\" rel=\"noopener\">Klinik Augustinum M\u00fcnchen<\/a>&nbsp;mit ausgelagerter, herzchirurgischer Klinik der Universit\u00e4t M\u00fcnchen).<\/p>\n<p><strong>Dr. Ippisch<\/strong> war mehr als 20 Jahre als neurologischer Konsiliararzt an der Klinik Augustinum aktiv und hat diese Aufgabe 2022 abgegeben. <strong>Dr. Ippisch<\/strong> war von 1999 - 2004 f\u00fcr das&nbsp;<a href=\"http:\/\/www.epo.org\/index_de.html\" target=\"_blank\" rel=\"noopener\"><b>Europ\u00e4ische Patentamt in M\u00fcnchen<\/b><\/a>als vom Pr\u00e4sidenten des EPA bestellter, externer, neurologischer Gutachter t\u00e4tig.<\/p>\n<p><strong>Dr. Strube<\/strong> ist ab 1.April 2024 in unserer Praxis t\u00e4tig. Sie hat nach ihrer Ausbildung zur Fach\u00e4rztin f\u00fcr Neurologie auch eine klinische Weiterbildung in Schmerztherapie absolviert und die Zusatzbezeichnung \"Spezielle Schmerztherapie\" erworben. Sie kann so unser Spektrum der nerven\u00e4rztlichen Diagnostik und Therapie nochmals erweitern.<\/p>\n<p><strong>PD Dr. R\u00f6h<\/strong> ist seit 1. April 2023 Teil unseres Teams. Sie arbeitet weiterhin - ebenfalls in Teilzeit - als Ober\u00e4rztin am Bezirksklinikum der Universit\u00e4t Augsburg, wo sie als Lehrbeauftragte f\u00fcr den Fachbereich Psychiatrie zust\u00e4ndig ist. Sie leitet dort au\u00dferdem die Spezialambulanz f\u00fcr Sportpsychiatrie, in diesem Fachbereich hat sie sich habilitiert.<br \/>\nFrau Dr. R\u00f6h wird im Rahmen ihrer Praxist\u00e4tigkeit auch eine Video-Sprechstunde anbieten.<\/p>\n<p>Durch unsere unterschiedlichen Kenntnis-Schwerpunkte und viele Jahre Erfahrung in jeweils einem der beiden Fachgebiete Neurologie oder Psychiatrie k\u00f6nnen wir so&nbsp;<b>die gesamte Nervenheilkunde vollst\u00e4ndig und kompetent<\/b>&nbsp;abdecken. Wir n\u00fctzen dies untereinander durch regelm\u00e4\u00dfigen Austausch von Erfahrungen und Fortbildungswissen sowie h\u00e4ufige Besprechungen von diagnostisch problematischen F\u00e4llen.<\/p>\n<h3>Was wir Ihnen nicht bieten k\u00f6nnen:<\/h3>\n<p>Allerdings arbeiten wir in keinem eindrucksvollen Medizinpalast, sondern in einer freundlich-angenehmen, dabei vor allem zweckm\u00e4\u00dfigen \"Hinterhofpraxis\" in Germering, einer Stadt direkt angrenzend an den Westen von M\u00fcnchen.<br \/>\nWir tragen keine wei\u00dfen Kittel oder Krawatten, \u00e4u\u00dfere Symbolik, die den Eindruck von Kompetenz vermitteln soll, halten wir ganz allgemein f\u00fcr entbehrlich.<\/p>\n<p>Wir sehen uns auch nicht als eifrige Verk\u00e4ufer von medizinischen (Zusatz-) Leistungen, so dass Sie ein typisches, dem Umsatz f\u00f6rderliches \"Wellness\"-Ambiente bei uns vergeblich suchen werden.<\/p>\n<h2>Zusatzt\u00e4tigkeiten und -qualifikationen:<\/h2>\n<h3>Neurologie:<\/h3>\n<p>Dr. Strube hat die Zusatzbezeichnung <strong>Spezielle Schmerztherapie <\/strong>erworben.<\/p>\n<p>Dr. Ippisch und Dr. Mennicken sind zertifizierte Mitglieder im bundesweiten <b>Kopfschmerz- und Migr\u00e4ne-Behandlungsnetz der <a href=\"http:\/\/www.schmerzklinik.de\/service-fuer-patienten\/vor-und-nachsorge\/\">Schmerzklinik Kiel<\/a><\/b>.<\/p>\n<p>Dr. Ippisch und Dr. Mennicken erf\u00fcllen die Voraussetzungen zur Teilnahme an der&nbsp;<b>Qualit\u00e4tsma\u00dfnahme Multiple Sklerose<\/b>&nbsp;der Kassen\u00e4rztlichen Vereinigung Bayern.<\/p>\n<p>Dr. Ippisch ist offizielles Mitglied der <a href=\"http:\/\/www.dmkg.de\" target=\"_blank\" rel=\"noopener\">Deutschen Migr\u00e4ne- und Kopfschmerzgesellschaft<\/a><\/p>\n<p>Dr. Ippisch ist Inhaber des zur Ausbildung berechtigenden&nbsp;<b>Zertifikats \"Neuromuskul\u00e4re Elektrodiagnostik\"<\/b>&nbsp;der&nbsp;<a href=\"http:\/\/www.dgkn.de\/\" target=\"_blank\" rel=\"noopener\">Deutschen Gesellschaft f\u00fcr klinische Neurophysiologie<\/a>.<\/p>\n<p>Seit Juli 2018 besteht eine enge Kooperation mit dem <a href=\"http:\/\/www.klinikum.uni-muenchen.de\/Deutsches-Schwindelzentrum-IFB-LMU\/de\/index.html\">Deutschen Schwindel- und Gleichgewichtszentrum<\/a> am M\u00fcnchner Universit\u00e4ts-Klinikum Gro\u00dfhadern.<br \/>\nVon Dr. Ippisch wurde ein neues, App-basiertes Verfahren zur Ganganalyse in der Praxis entwickelt, welches zusammen mit der Arbeitsgruppe Gangst\u00f6rungen im Rahmen einer Doktorarbeit erfolgreich erprobt wurde. Die Ergebnisse wurden inzwischen in der internationalen Fachzeitschrift \"Gait &amp; Posture\" publiziert (<a href=\"https:\/\/www.sciencedirect.com\/science\/article\/abs\/pii\/S096663622200460X\">zum Artikel<\/a>&nbsp;).<br \/>\nEine weitere App zur Mobiltelefon-gest\u00fctzten Analyse von Augenbewegungen mit dem Ziel, Funktionsst\u00f6rungen der Gleichgewichtsorgane zu erfassen, wurde ebenfalls von Dr. Ippisch entwickelt und wird derzeit am Deutschen Schwindelzentrum erprobt. Eine Publikation ist in Vorbereitung.<\/p>\n<p>Dr. Ippisch ist Mitglied der Expertenkonferenz des Projekts \"mobilE-PHY\" des M\u00fcnchner Netzwerkes f\u00fcr Versorgungsforschung. Ziel des Forschungsprojektes ist es, die Versorgung von \u00e4lteren Menschen mit Schwindel und Gleichgewichtsst\u00f6rungen zu verbessern.&nbsp;Die Ergebnisse der Pilotphase wurden international publiziert (<a href=\"https:\/\/pubmed.ncbi.nlm.nih.gov\/33980155\/#affiliation-6\">zum Artikel<\/a>). Die erarbeiteten Handlungsempfehlungen werden jetzt in der breiten Anwendung erprobt: \"<a href=\"https:\/\/www.mobile-net.med.uni-muenchen.de\/projekte\/mobilephy2beschreibung\/index.html\">mobilE-PHY 2<\/a>\"<\/p>\n<h3>Psychiatrie:<\/h3>\n<p>Dr. Schm\u00f6lz hat eine Zusatzausbildung \/ -qualifikation in den Bereichen&nbsp;<b>Sexualmedizin<\/b>&nbsp;und&nbsp;<b>Analytische Psychosentherapie<\/b>.<\/p>\n<p>Dr. Schm\u00f6lz ist als&nbsp;<b>beratende Psychiaterin f\u00fcr die Selbsthilfeorganisation<a href=\"http:\/\/www.schatten-und-licht.de\/\" target=\"_blank\" rel=\"noopener\">\"Schatten und Licht\"<\/a><\/b>&nbsp;(Psychische Erkrankungen rund um die Geburt) in M\u00fcnchen t\u00e4tig.<\/p>\n<p>Dr. Schm\u00f6lz ist als fach\u00e4rztliche Beraterin im&nbsp;<b>Psychosozialen Verbund (PSV) des Landkreises F\u00fcrstenfeldbruck<\/b> aktiv.<\/p>\n<p>PD Dr. R\u00f6h ist neben ihrer Praxist\u00e4tigkeit weiterhin <strong>Lehrbeauftragte am Bezirksklinikum (BKH)&nbsp;Augsburg der Universit\u00e4t Augsburg<\/strong>. Durch die Ausgestaltung des Curriculums im Fach Psychiatrie h\u00e4lt sie sich stets auf dem neuesten wissenschaftlichen Stand.<\/p>\n<p>PD Dr. R\u00f6h ist aktives Mitglied im Referat f\u00fcr Sportpsychiatrie der DGPPN (Deutsche Gesellschaft f\u00fcr Psychiatrie und Psychotherapie, Psychosomatik und Nervenheilkunde e.V.).<\/p>\n<p>PD Dr. R\u00f6h hat an einer Vielzahl wissenschaftlicher Publikationen und an insgesamt 3 Lehrb\u00fcchern ihres Fachgebietes mitgewirkt.<\/p>\n<\/div>\n","protected":false},"excerpt":{"rendered":"<p>Qualit\u00e4t und Seriosit\u00e4t Hohe medizinische Qualit\u00e4t hat f\u00fcr uns oberste Priorit\u00e4t. Unser wichtigstes Ziel ist Ihre erstklassige und seri\u00f6se Behandlung nach modernstem Wissensstand. Wir sehen uns dabei als kompetente Berater unserer Patienten auf gleicher Augenh\u00f6he. Wir m\u00f6chten, dass Sie nach gr\u00fcndlicher und verst\u00e4ndlicher Information selbstst\u00e4ndig Entscheidungen zu Ihrer Behandlung treffen k\u00f6nnen. P\u00fcnktlichkeit und Sorgfalt Gute <a class=\"read-more\" href=\"https:\/\/nerven-praxis.de\/website\/wir-ueber-uns\/\">... weiterlesen <span class=\"meta-nav\">&rarr;<\/span><\/a><\/p>\n","protected":false},"author":1,"featured_media":0,"parent":0,"menu_order":0,"comment_status":"closed","ping_status":"closed","template":"","meta":{"jetpack_post_was_ever_published":false,"footnotes":""},"class_list":["post-88","page","type-page","status-publish","hentry"],"jetpack_sharing_enabled":true,"jetpack_shortlink":"https:\/\/wp.me\/P8m3CX-1q","jetpack-related-posts":[],"_links":{"self":[{"href":"https:\/\/nerven-praxis.de\/website\/wp-json\/wp\/v2\/pages\/88","targetHints":{"allow":["GET"]}}],"collection":[{"href":"https:\/\/nerven-praxis.de\/website\/wp-json\/wp\/v2\/pages"}],"about":[{"href":"https:\/\/nerven-praxis.de\/website\/wp-json\/wp\/v2\/types\/page"}],"author":[{"embeddable":true,"href":"https:\/\/nerven-praxis.de\/website\/wp-json\/wp\/v2\/users\/1"}],"replies":[{"embeddable":true,"href":"https:\/\/nerven-praxis.de\/website\/wp-json\/wp\/v2\/comments?post=88"}],"version-history":[{"count":110,"href":"https:\/\/nerven-praxis.de\/website\/wp-json\/wp\/v2\/pages\/88\/revisions"}],"predecessor-version":[{"id":1516,"href":"https:\/\/nerven-praxis.de\/website\/wp-json\/wp\/v2\/pages\/88\/revisions\/1516"}],"wp:attachment":[{"href":"https:\/\/nerven-praxis.de\/website\/wp-json\/wp\/v2\/media?parent=88"}],"curies":[{"name":"wp","href":"https:\/\/api.w.org\/{rel}","templated":true}]}}